{"id":551,"date":"2023-04-19T15:08:40","date_gmt":"2023-04-19T13:08:40","guid":{"rendered":"http:\/\/192.168.1.12\/whitening\/?page_id=551"},"modified":"2025-10-30T11:47:49","modified_gmt":"2025-10-30T10:47:49","slug":"formazione-finanziata","status":"publish","type":"page","link":"https:\/\/www.whitening.life\/en\/formazione-finanziata\/","title":{"rendered":"Formazione Finanziata"},"content":{"rendered":"<section class=\"l-section wpb_row us_custom_e00860e6 height_small width_full\"><div class=\"l-section-h i-cf\"><div class=\"g-cols vc_row via_grid cols_1 laptops-cols_inherit tablets-cols_inherit mobiles-cols_1 valign_top type_default stacking_default\"><div class=\"wpb_column vc_column_container\"><div class=\"vc_column-inner\"><div class=\"g-cols wpb_row via_grid cols_2-1 laptops-cols_inherit tablets-cols_inherit mobiles-cols_1 valign_top type_default stacking_default\" style=\"--columns-gap:3rem;\"><div class=\"wpb_column vc_column_container\"><div class=\"vc_column-inner\"><div class=\"w-separator size_medium\"><\/div><div class=\"wpb_text_column us_custom_5399c4f5\"><div class=\"wpb_wrapper\"><h1 style=\"text-align: left;\">Formazione Finanziata<\/h1>\n<\/div><\/div><\/div><\/div><div class=\"wpb_column vc_column_container\"><div class=\"vc_column-inner\"><div class=\"w-separator size_custom\" style=\"height:75px\"><\/div><nav class=\"g-breadcrumbs separator_custom align_right\" itemscope itemtype=\"http:\/\/schema.org\/BreadcrumbList\"><div class=\"g-breadcrumbs-item\" itemscope itemprop=\"itemListElement\" itemtype=\"http:\/\/schema.org\/ListItem\"><a itemprop=\"item\" href=\"https:\/\/www.whitening.life\/en\/\"><span itemprop=\"name\">Home<\/span><\/a><meta itemprop=\"position\" content=\"1\"\/><\/div><div class=\"g-breadcrumbs-separator\">\/<\/div><div class=\"g-breadcrumbs-item\">Pages<\/div><\/nav><\/div><\/div><\/div><div class=\"w-separator size_medium\"><\/div><\/div><\/div><\/div><\/div><\/section><section class=\"l-section wpb_row height_medium\"><div class=\"l-section-h i-cf\"><div class=\"g-cols vc_row via_grid cols_2-1 laptops-cols_inherit tablets-cols_inherit mobiles-cols_1 valign_top type_default stacking_default\"><div class=\"wpb_column vc_column_container us_custom_575b987f us_animate_this\"><div class=\"vc_column-inner\"><div class=\"w-image align_center\"><div class=\"w-image-h\"><img decoding=\"async\" width=\"600\" height=\"335\" src=\"https:\/\/www.whitening.life\/wp-content\/uploads\/2023\/04\/WhiteningFormazioneFinanziata.jpg\" class=\"attachment-full size-full\" alt=\"Whitening Formazione Finanziata soldi\" loading=\"lazy\" \/><\/div><\/div><div class=\"wpb_text_column us_custom_15c556f8 us_animate_this\"><div class=\"wpb_wrapper\"><h4>Formazione finanziata: cos&#8217;\u00e8 e come sfruttarla per la tua impresa<\/h4>\n<\/div><\/div><div class=\"wpb_text_column us_custom_580cd0b8 us_animate_this\"><div class=\"wpb_wrapper\"><p>Whitening fornisce\u00a0consulenza per il finanziamento della formazione e offre supporto in tutte le fasi della costruzione e realizzazione di un piano finanziato attraverso i Fondi Interprofessionali, dalla definizione dei fabbisogni formativi fino alla rendicontazione.<\/p>\n<\/div><\/div><div class=\"wpb_text_column us_custom_580cd0b8 us_animate_this\"><div class=\"wpb_wrapper\"><p>Se sei un imprenditore e hai dei dipendenti puoi usufruire di <strong>finanziamenti a fondo perduto<\/strong> per la tua formazione, erogati dai fondi interprofessionali e che Whitening ti aiuter\u00e0 a gestire.<\/p>\n<p>Ogni mese infatti un&#8217;azienda paga una percentuale, per ciascun dipendente, a un fondo interprofessionale che incamera questo denaro e dovrebbe restituirlo erogando formazione.<\/p>\n<p>Non si \u00e8 costretti a scegliere un fondo, ma se non lo si fa questo denaro viene destinato all\u2019INPS, che non ti rende indietro nulla.<\/p>\n<\/div><\/div><div class=\"wpb_text_column us_custom_9b6e9466 us_animate_this\"><div class=\"wpb_wrapper\"><p>\u00c8 un costo che tu sostieni, molto spesso senza riceverne alcun vantaggio! Quindi \u00e8 uno spreco.<\/p>\n<\/div><\/div><div class=\"wpb_text_column us_custom_5d4e8815 us_animate_this\"><div class=\"wpb_wrapper\"><p>Whitening ti semplifica la vita con i seguenti servizi:<\/p>\n<ul>\n<li>monitoraggio delle opportunit\u00e0 offerte dai singoli Fondi Interprofessionali (soprattutto ma non solo <a href=\"https:\/\/www.fonarcom.it\/chi-siamo\/fondo-fonarcom\/\" target=\"_blank\" rel=\"noopener\">FONARCOM<\/a>,\u00a0<a href=\"https:\/\/www.fonditalia.org\/\" target=\"_blank\" rel=\"noopener\">FondItalia<\/a>,\u00a0<a href=\"https:\/\/www.fondoprofessioni.it\/\" target=\"_blank\" rel=\"noopener\">Fondo Professioni<\/a>);<\/li>\n<li>consulenza sui meccanismi di funzionamento degli strumenti di finanziamento, assistenza per l\u2019adesione\/variazione del Fondo Interprofessionale, supporto per l\u2019eventuale portabilit\u00e0 delle risorse accantonate;<\/li>\n<li>supporto dall\u2019analisi dei fabbisogni aziendali alla loro conversione in progetto finanziato;<\/li>\n<li>gestione delle relazioni con le parti sociali per la condivisione del piano formativo;<\/li>\n<li>presentazione, gestione e rendicontazione dei progetti nelle piattaforme di riferimento dei Fondi Interprofessionali;<\/li>\n<li>coordinamento didattico e affiancamento nella fase di erogazione delle attivit\u00e0 formative;<\/li>\n<li>supporto segreteria e amministrazione economica del piano finanziato;<\/li>\n<li>svolgimento, dichiarazione e rendicontazione del percorso formativo.<\/li>\n<\/ul>\n<p>Per finanziare la tua formazione hai a disposizione diversi strumenti:<\/p>\n<ul>\n<li><strong>Conto Formazione:<\/strong> attraverso le risorse finanziarie maturate con i versamenti ai fondi interprofessionali, l\u2019impresa attiva un proprio \u00abconto\u00bb da cui attingere per finanziare piani formativi sia aziendali che individuali (voucher) con procedure semplificate in qualsiasi momento dell\u2019anno. Lo strumento del Conto Formazione \u00e8 particolarmente adatto per le aziende di medie e grandi dimensioni. Esiste anche il Conto Formazione di Rete, uno strumento che permette a un&#8217;aggregazione di aziende aderenti di accedere in formai diretta al proprio conto versato.<\/li>\n<li><strong>Avviso:<\/strong> questo strumento \u00e8 utile per il finanziamento di PMI che non dispongono di un conto formazione e viene attivato attraverso la partecipazione a bandi e avvisi che mettono a disposizione risorse a fondo perduto. I finanziamenti vengono erogati secondo un principio di sussidiariet\u00e0 e la loro assegnazione \u00e8 subordinata a una valutazione qualitativa, quantitativa ed economica. \u00c8 possibile presentare progetti di diversa natura, sia aziendali che interaziendali.<\/li>\n<li><strong>Voucher:<\/strong> questo strumento \u00e8 dedicato ai dipendenti che hanno esigenze specifiche non realizzabili attraverso percorsi di gruppo. Il voucher quindi \u00e8 uno strumento formativo che viene calibrato sul singolo lavoratore e quindi \u00e8 mirato allo sviluppo e al potenziamento di specifiche competenze. Pu\u00f2 essere erogato attraverso azioni di formazione a catalogo, formazione a distanza (FAD) e autoformazione.<\/li>\n<\/ul>\n<p>Ci sono tantissime opportunit\u00e0: perch\u00e9 non approfittarne?<\/p>\n<p>Contattaci cliccando <a href=\"https:\/\/www.whitening.life\/contatti\/\">qui<\/a>\u00a0oppure scrivi a\u00a0<a href=\"mailto:segreteria@whitening.life\">segreteria@whitening.life<\/a><\/p>\n<\/div><\/div><\/div><\/div><div class=\"wpb_column vc_column_container us_custom_575b987f us_animate_this\"><div class=\"vc_column-inner\"><div class=\"w-search us-field-style_1 us_custom_15f9d3f2 layout_simple iconpos_right\"><div class=\"w-search-form\"><form class=\"w-form-row for_text\" role=\"search\" action=\"https:\/\/www.whitening.life\/en\/\" method=\"get\"><div class=\"w-form-row-field\"><input type=\"text\" name=\"s\" placeholder=\"Search\" aria-label=\"Search\" value\/><\/div><button class=\"w-search-form-btn w-btn\" type=\"submit\" aria-label=\"Search\" style=\"--icon-size:18px;\"><i class=\"fas fa-search\"><\/i><\/button><\/form><\/div><\/div><div class=\"w-grid us_grid type_grid layout_testimonial_1 cols_1 preload_style_spinner\" id=\"us_grid_1\" style=\"--columns:1;--gap:1.5rem;\" data-filterable=\"true\"><style>.layout_testimonial_1 .w-grid-item-h{}.layout_testimonial_1 .usg_vwrapper_1{transition-duration:0.3s;transform-origin:50% 50%;transform:scale(1) translate(0%,0%)}.layout_testimonial_1 .w-grid-item-h:focus-within .usg_vwrapper_1,.layout_testimonial_1 .w-grid-item-h:hover .usg_vwrapper_1{transform:scale(1) translate(0%,0%);opacity:1;border-color:var(--color-content-primary)!important}.layout_testimonial_1 .usg_vwrapper_1{border-radius:var(--site-border-radius)!important;padding:2rem!important;border:2px solid var(--color-content-border)!important}.layout_testimonial_1 .usg_hwrapper_1{margin-bottom:1rem!important}.layout_testimonial_1 .usg_post_image_1{width:4rem!important;margin-left:0!important;margin-right:1rem!important}.layout_testimonial_1 .usg_post_custom_field_1{font-weight:700!important;line-height:1.5!important;margin-bottom:0!important}.layout_testimonial_1 .usg_post_custom_field_2{color:var(--color-content-faded)!important;font-size:0.9rem!important;line-height:1.5!important}.layout_testimonial_1 .usg_post_custom_field_3{color:var(--color-content-primary)!important}<\/style><div class=\"w-grid-list\">\t<article class=\"w-grid-item size_1x1 post-995 post type-post status-publish format-standard hentry category-frase-del-mese\" data-id=\"995\">\r\n\t\t<div class=\"w-grid-item-h\">\r\n\t\t\t\t\t\t<div class=\"w-vwrapper usg_vwrapper_1 align_none valign_top\"><div class=\"w-post-elm post_content usg_post_content_1\"><h5>Frase del mese per Aprile 2026:<\/h5>\n<p class=\"p1\">&#8220;Sai una cosa? Certe persone non vogliono essere salvate. Perch\u00e8 la salvezza implica un cambiamento. Ed il cambiamento richiede uno sforzo maggiore del restare uguali. Occorre coraggio per guardarsi allo specchio e vedere oltre il proprio riflesso&#8221;<\/p>\n<p class=\"p1\">tratta dal fumetto\/film<span>\u00a0<\/span><strong class=\"Yjhzub\" data-sfc-root=\"c\" data-sfc-cb=\"\" data-processed=\"true\">&#8220;Il Cavaliere Oscuro&#8221; (The Dark Knight, 2008)<\/strong><span>, scritta dallo sceneggiatore\u00a0<\/span><a href=\"https:\/\/it.wikipedia.org\/wiki\/Grant_Morrison\" target=\"_blank\" rel=\"noopener\"><mark class=\"HxTRcb\" data-sfc-root=\"c\" data-sfc-cb=\"\" data-processed=\"true\"><span jsaction=\"rcuQ6b:&amp;EqaB3e_h|npT2md\" jscontroller=\"CCvEPd\" data-sfc-root=\"c\" jsuid=\"EqaB3e_h\" data-wiz-uids=\"EqaB3e_i\" data-sfc-cb=\"\" data-processed=\"true\">Grant Morrison<\/span><\/mark><\/a><\/p>\n<\/div><div class=\"w-hwrapper usg_hwrapper_1 align_none valign_middle\"><div class=\"w-vwrapper usg_vwrapper_2 align_none valign_top\"><div class=\"w-post-elm post_custom_field usg_post_custom_field_1 type_text us_testimonial_author\"><span class=\"w-post-elm-value\"><\/span><\/div><div class=\"w-post-elm post_custom_field usg_post_custom_field_2 has_text_color type_text us_testimonial_role color_link_inherit\"><span class=\"w-post-elm-value\"><\/span><\/div><\/div><\/div><\/div>\t\t<\/div>\r\n\t\t\t<\/article>\r\n<\/div>\t<div class=\"w-grid-preloader\">\r\n\t\t<div class=\"g-preloader type_1\">\r\n\t\t\t<div><\/div>\r\n\t\t<\/div>\r\n\t<\/div>\r\n\t\t<div class=\"w-grid-json hidden\" onclick='return {&quot;action&quot;:&quot;us_ajax_grid&quot;,&quot;infinite_scroll&quot;:0,&quot;max_num_pages&quot;:1,&quot;pagination&quot;:&quot;none&quot;,&quot;template_vars&quot;:{&quot;columns&quot;:&quot;1&quot;,&quot;exclude_items&quot;:&quot;none&quot;,&quot;img_size&quot;:&quot;default&quot;,&quot;ignore_items_size&quot;:0,&quot;items_layout&quot;:&quot;testimonial_1&quot;,&quot;items_offset&quot;:&quot;1&quot;,&quot;load_animation&quot;:&quot;none&quot;,&quot;overriding_link&quot;:&quot;{\\&quot;url\\&quot;:\\&quot;\\&quot;}&quot;,&quot;post_id&quot;:0,&quot;query_args&quot;:{&quot;post_type&quot;:[&quot;post&quot;],&quot;tax_query&quot;:[{&quot;taxonomy&quot;:&quot;category&quot;,&quot;field&quot;:&quot;slug&quot;,&quot;terms&quot;:[&quot;frase-del-mese&quot;]}],&quot;post_status&quot;:[&quot;publish&quot;,&quot;acf-disabled&quot;],&quot;posts_per_page&quot;:&quot;1&quot;},&quot;orderby_query_args&quot;:{&quot;orderby&quot;:{&quot;date&quot;:&quot;DESC&quot;}},&quot;type&quot;:&quot;grid&quot;,&quot;us_grid_post_type&quot;:&quot;post&quot;,&quot;us_grid_ajax_index&quot;:1,&quot;us_grid_filter_query_string&quot;:null,&quot;us_grid_index&quot;:1,&quot;page_args&quot;:[]}}'><\/div>\r\n\t<\/div><div class=\"w-image us_custom_3b8f9481 align_center\"><a href=\"http:\/\/whitening.life\/whitening\/iscriviti-alla-newsletter\/\" aria-label=\"WhiteningNewsletter\" class=\"w-image-h\" target=\"_blank\" rel=\"noopener\"><img decoding=\"async\" width=\"188\" height=\"163\" src=\"https:\/\/www.whitening.life\/wp-content\/uploads\/2023\/04\/WhiteningNewsletter.jpg\" class=\"attachment-full size-full\" alt=\"WhiteningNewsletter\" loading=\"lazy\" \/><\/a><\/div><div class=\"wpb_text_column\"><div class=\"wpb_wrapper\"><h5>Articoli recenti<\/h5>\n<\/div><\/div><div class=\"w-grid us_grid us_custom_972c33a7 type_grid layout_blog_3 cols_1 preload_style_spinner\" id=\"us_grid_2\" style=\"--columns:1;--gap:1.5rem;\" data-filterable=\"true\"><style>.layout_blog_3 .w-grid-item-h{}<\/style><div class=\"w-grid-list\">\t<article class=\"w-grid-item size_1x1 post-3127 post type-post status-publish format-standard has-post-thumbnail hentry category-consulenza tag-marchio-dimpresa\" data-id=\"3127\">\r\n\t\t<div class=\"w-grid-item-h\">\r\n\t\t\t\t\t\t<div class=\"w-post-elm post_title usg_post_title_1 entry-title color_link_inherit\"><a href=\"https:\/\/www.whitening.life\/en\/marchio-impresa\/\">Marchio di impresa: cos\u2019\u00e8, perch\u00e9 registrarlo e quali rischi evitare<\/a><\/div>\t\t<\/div>\r\n\t\t\t<\/article>\r\n\t<article class=\"w-grid-item size_1x1 post-3087 post type-post status-publish format-standard has-post-thumbnail hentry category-etica tag-gratitudine\" data-id=\"3087\">\r\n\t\t<div class=\"w-grid-item-h\">\r\n\t\t\t\t\t\t<div class=\"w-post-elm post_title usg_post_title_1 entry-title color_link_inherit\"><a href=\"https:\/\/www.whitening.life\/en\/gratitudine\/\">Il potere della Gratitudine<\/a><\/div>\t\t<\/div>\r\n\t\t\t<\/article>\r\n\t<article class=\"w-grid-item size_1x1 post-3066 post type-post status-publish format-standard has-post-thumbnail hentry category-consulenza tag-industry-4-0 tag-servitizzazione\" data-id=\"3066\">\r\n\t\t<div class=\"w-grid-item-h\">\r\n\t\t\t\t\t\t<div class=\"w-post-elm post_title usg_post_title_1 entry-title color_link_inherit\"><a href=\"https:\/\/www.whitening.life\/en\/servitizzazione\/\">Servitizzazione: cos&#8217;\u00e8 e come si fa<\/a><\/div>\t\t<\/div>\r\n\t\t\t<\/article>\r\n\t<article class=\"w-grid-item size_1x1 post-3063 post type-post status-publish format-standard has-post-thumbnail hentry category-consulenza tag-architetto tag-assessment tag-pda tag-pompiere\" data-id=\"3063\">\r\n\t\t<div class=\"w-grid-item-h\">\r\n\t\t\t\t\t\t<div class=\"w-post-elm post_title usg_post_title_1 entry-title color_link_inherit\"><a href=\"https:\/\/www.whitening.life\/en\/architetto-o-pompiere\/\">Architetto o Pompiere?<\/a><\/div>\t\t<\/div>\r\n\t\t\t<\/article>\r\n\t<article class=\"w-grid-item size_1x1 post-2967 post type-post status-publish format-standard has-post-thumbnail hentry category-bandi-finanziamenti tag-bando tag-competenze-specialistiche tag-mimit\" data-id=\"2967\">\r\n\t\t<div class=\"w-grid-item-h\">\r\n\t\t\t\t\t\t<div class=\"w-post-elm post_title usg_post_title_1 entry-title color_link_inherit\"><a href=\"https:\/\/www.whitening.life\/en\/bando-sviluppo-competenze-pmi\/\">Bando MIMIT per lo sviluppo di competenze specialistiche delle PMI<\/a><\/div>\t\t<\/div>\r\n\t\t\t<\/article>\r\n<\/div>\t<div class=\"w-grid-preloader\">\r\n\t\t<div class=\"g-preloader type_1\">\r\n\t\t\t<div><\/div>\r\n\t\t<\/div>\r\n\t<\/div>\r\n\t\t<div class=\"w-grid-json hidden\" onclick='return {&quot;action&quot;:&quot;us_ajax_grid&quot;,&quot;infinite_scroll&quot;:0,&quot;max_num_pages&quot;:11,&quot;pagination&quot;:&quot;none&quot;,&quot;template_vars&quot;:{&quot;columns&quot;:&quot;1&quot;,&quot;exclude_items&quot;:&quot;none&quot;,&quot;img_size&quot;:&quot;default&quot;,&quot;ignore_items_size&quot;:0,&quot;items_layout&quot;:&quot;blog_3&quot;,&quot;items_offset&quot;:&quot;1&quot;,&quot;load_animation&quot;:&quot;none&quot;,&quot;overriding_link&quot;:&quot;{\\&quot;url\\&quot;:\\&quot;\\&quot;}&quot;,&quot;post_id&quot;:0,&quot;query_args&quot;:{&quot;post_type&quot;:[&quot;post&quot;],&quot;tax_query&quot;:[{&quot;taxonomy&quot;:&quot;category&quot;,&quot;field&quot;:&quot;slug&quot;,&quot;terms&quot;:[&quot;bandi-finanziamenti&quot;,&quot;consulenza&quot;,&quot;etica&quot;,&quot;formazione-manageriale&quot;,&quot;marketing-comunicazione&quot;,&quot;responsabilita&quot;,&quot;successo&quot;,&quot;superare-la-crisi&quot;,&quot;white-academy&quot;]}],&quot;post_status&quot;:[&quot;publish&quot;,&quot;acf-disabled&quot;],&quot;posts_per_page&quot;:&quot;5&quot;},&quot;orderby_query_args&quot;:{&quot;orderby&quot;:{&quot;date&quot;:&quot;DESC&quot;}},&quot;type&quot;:&quot;grid&quot;,&quot;us_grid_post_type&quot;:&quot;post&quot;,&quot;us_grid_ajax_index&quot;:2,&quot;us_grid_filter_query_string&quot;:null,&quot;us_grid_index&quot;:2,&quot;page_args&quot;:[]}}'><\/div>\r\n\t<\/div><\/div><\/div><\/div><\/div><\/section>\n","protected":false},"excerpt":{"rendered":"\u00c8 in apertura il nuovo bando dedicato alle PMI del Mezzogiorno che vogliono investire in competenze digitali e green. Un\u2019opportunit\u00e0 concreta per finanziare percorsi formativi specialistici, rafforzare il capitale umano e accelerare la crescita dell\u2019impresa. In questo articolo vediamo a chi si rivolge, cosa finanzia e come partecipare. Finalit\u00e0 del bando Il bando \u00e8 finalizzato...","protected":false},"author":1,"featured_media":553,"parent":0,"menu_order":0,"comment_status":"closed","ping_status":"closed","template":"","meta":{"_acf_changed":false,"footnotes":""},"class_list":["post-551","page","type-page","status-publish","has-post-thumbnail","hentry"],"acf":[],"jetpack_sharing_enabled":true,"_links":{"self":[{"href":"https:\/\/www.whitening.life\/en\/wp-json\/wp\/v2\/pages\/551","targetHints":{"allow":["GET"]}}],"collection":[{"href":"https:\/\/www.whitening.life\/en\/wp-json\/wp\/v2\/pages"}],"about":[{"href":"https:\/\/www.whitening.life\/en\/wp-json\/wp\/v2\/types\/page"}],"author":[{"embeddable":true,"href":"https:\/\/www.whitening.life\/en\/wp-json\/wp\/v2\/users\/1"}],"replies":[{"embeddable":true,"href":"https:\/\/www.whitening.life\/en\/wp-json\/wp\/v2\/comments?post=551"}],"version-history":[{"count":13,"href":"https:\/\/www.whitening.life\/en\/wp-json\/wp\/v2\/pages\/551\/revisions"}],"predecessor-version":[{"id":2761,"href":"https:\/\/www.whitening.life\/en\/wp-json\/wp\/v2\/pages\/551\/revisions\/2761"}],"wp:featuredmedia":[{"embeddable":true,"href":"https:\/\/www.whitening.life\/en\/wp-json\/wp\/v2\/media\/553"}],"wp:attachment":[{"href":"https:\/\/www.whitening.life\/en\/wp-json\/wp\/v2\/media?parent=551"}],"curies":[{"name":"wp","href":"https:\/\/api.w.org\/{rel}","templated":true}]}}